{"id":3024,"date":"2020-05-04T14:07:51","date_gmt":"2020-05-04T13:07:51","guid":{"rendered":"https:\/\/www.asevegarches.fr\/blog\/?page_id=3024"},"modified":"2025-12-29T18:11:03","modified_gmt":"2025-12-29T17:11:03","slug":"adhesion","status":"publish","type":"page","link":"https:\/\/www.asevegarches.fr\/blog\/adhesion\/","title":{"rendered":"Adh\u00e9sion"},"content":{"rendered":"<p>Bulletin-adhesion-Aseve-2026<a href=\"https:\/\/www.asevegarches.fr\/blog\/wp-content\/uploads\/2022\/11\/cropped-LOGO_de\u00a6uclinaison-1-scaled-1.jpg\"><img loading=\"lazy\" decoding=\"async\" data-attachment-id=\"3272\" data-permalink=\"https:\/\/www.asevegarches.fr\/blog\/adhesion\/cropped-logo_de%c2%a6uclinaison-1-scaled-1-jpg\/\" data-orig-file=\"https:\/\/www.asevegarches.fr\/blog\/wp-content\/uploads\/2022\/11\/cropped-LOGO_de\u00a6uclinaison-1-scaled-1.jpg\" data-orig-size=\"1500,590\" data-comments-opened=\"0\" data-image-meta=\"{&quot;aperture&quot;:&quot;0&quot;,&quot;credit&quot;:&quot;&quot;,&quot;camera&quot;:&quot;&quot;,&quot;caption&quot;:&quot;&quot;,&quot;created_timestamp&quot;:&quot;0&quot;,&quot;copyright&quot;:&quot;&quot;,&quot;focal_length&quot;:&quot;0&quot;,&quot;iso&quot;:&quot;0&quot;,&quot;shutter_speed&quot;:&quot;0&quot;,&quot;title&quot;:&quot;&quot;,&quot;orientation&quot;:&quot;0&quot;}\" data-image-title=\"cropped-LOGO_de\u00a6uclinaison-1-scaled-1.jpg\" data-image-description=\"\" data-image-caption=\"\" data-large-file=\"https:\/\/www.asevegarches.fr\/blog\/wp-content\/uploads\/2022\/11\/cropped-LOGO_de\u00a6uclinaison-1-scaled-1-1024x403.jpg\" class=\"size-medium wp-image-3272 alignleft\" src=\"https:\/\/www.asevegarches.fr\/blog\/wp-content\/uploads\/2022\/11\/cropped-LOGO_de\u00a6uclinaison-1-scaled-1-300x118.jpg\" alt=\"\" width=\"300\" height=\"118\" srcset=\"https:\/\/www.asevegarches.fr\/blog\/wp-content\/uploads\/2022\/11\/cropped-LOGO_de\u00a6uclinaison-1-scaled-1-300x118.jpg 300w, https:\/\/www.asevegarches.fr\/blog\/wp-content\/uploads\/2022\/11\/cropped-LOGO_de\u00a6uclinaison-1-scaled-1-1024x403.jpg 1024w, https:\/\/www.asevegarches.fr\/blog\/wp-content\/uploads\/2022\/11\/cropped-LOGO_de\u00a6uclinaison-1-scaled-1-768x302.jpg 768w, https:\/\/www.asevegarches.fr\/blog\/wp-content\/uploads\/2022\/11\/cropped-LOGO_de\u00a6uclinaison-1-scaled-1-600x236.jpg 600w, https:\/\/www.asevegarches.fr\/blog\/wp-content\/uploads\/2022\/11\/cropped-LOGO_de\u00a6uclinaison-1-scaled-1.jpg 1500w\" sizes=\"auto, (max-width: 300px) 100vw, 300px\" \/><\/a><\/p>\n<p>Vous souhaitez rejoindre l&rsquo;ASEVE et \u00eatre inform\u00e9 de ses actions ?<\/p>\n<p>Tr\u00e8s simple, t\u00e9l\u00e9chargez le Bulletin adh\u00e9sion Aseve 2026 , remplissez-le et renvoyez-le avec votre cotisation \u00e0 l&rsquo;adresse suivante :<a tabindex=\"-1\" href=\"https:\/\/www.asevegarches.fr\/blog\/wp-content\/uploads\/2025\/12\/Bulletin-adhesion-Aseve-2026.pdf\" target=\"_blank\" rel=\"noopener\">asevegarches.fr\/\u2026\/Bulletin-adhesion-Aseve-2026.pdf<\/a><!--more--><\/p>\n<p>ASEVE &#8211; BP 08- 92380 Garches<\/p>\n<p>Vous pouvez \u00e9galement payer par Carte Bancaire via le site helloasso 2026 \/<a href=\"https:\/\/www.helloasso.com\/associations\/aseve\/adhesions\/aseve-adhesion-2026\">https:\/\/www.helloasso.com\/associations\/aseve\/adhesions\/aseve-adhesion-2026<\/a><\/p>\n<p>&nbsp;<\/p>\n\n\n<p class=\"wp-block-paragraph\"><\/p>\n","protected":false},"excerpt":{"rendered":"<p>Bulletin-adhesion-Aseve-2026 Vous souhaitez rejoindre l&rsquo;ASEVE et \u00eatre inform\u00e9 de ses actions ? Tr\u00e8s simple, t\u00e9l\u00e9chargez le Bulletin adh\u00e9sion Aseve 2026 , remplissez-le et renvoyez-le avec votre cotisation \u00e0 l&rsquo;adresse suivante :asevegarches.fr\/\u2026\/Bulletin-adhesion-Aseve-2026.pdf<\/p>\n","protected":false},"author":1,"featured_media":0,"parent":0,"menu_order":0,"comment_status":"closed","ping_status":"closed","template":"","meta":{"footnotes":""},"class_list":["post-3024","page","type-page","status-publish","hentry"],"yoast_head":"<!-- This site is optimized with the Yoast SEO plugin v28.3 - https:\/\/yoast.com\/product\/yoast-seo-wordpress\/ -->\n<title>Adh\u00e9sion - ASEVE GARCHES<\/title>\n<meta name=\"robots\" content=\"index, follow, max-snippet:-1, max-image-preview:large, max-video-preview:-1\" \/>\n<link rel=\"canonical\" href=\"https:\/\/www.asevegarches.fr\/blog\/adhesion\/\" \/>\n<meta property=\"og:locale\" content=\"fr_FR\" \/>\n<meta property=\"og:type\" content=\"article\" \/>\n<meta property=\"og:title\" content=\"Adh\u00e9sion - ASEVE GARCHES\" \/>\n<meta property=\"og:description\" content=\"Bulletin-adhesion-Aseve-2026 Vous souhaitez rejoindre l&rsquo;ASEVE et \u00eatre inform\u00e9 de ses actions ? Tr\u00e8s simple, t\u00e9l\u00e9chargez le Bulletin adh\u00e9sion Aseve 2026 , remplissez-le et renvoyez-le avec votre cotisation \u00e0 l&rsquo;adresse suivante :asevegarches.fr\/\u2026\/Bulletin-adhesion-Aseve-2026.pdf\" \/>\n<meta property=\"og:url\" content=\"https:\/\/www.asevegarches.fr\/blog\/adhesion\/\" \/>\n<meta property=\"og:site_name\" content=\"ASEVE GARCHES\" \/>\n<meta property=\"article:modified_time\" content=\"2025-12-29T17:11:03+00:00\" \/>\n<meta name=\"twitter:card\" content=\"summary_large_image\" \/>\n<meta name=\"twitter:label1\" content=\"Dur\u00e9e de lecture estim\u00e9e\" \/>\n\t<meta name=\"twitter:data1\" content=\"1 minute\" \/>\n<script type=\"application\/ld+json\" class=\"yoast-schema-graph\">{\"@context\":\"https:\\\/\\\/schema.org\",\"@graph\":[{\"@type\":\"WebPage\",\"@id\":\"https:\\\/\\\/www.asevegarches.fr\\\/blog\\\/adhesion\\\/\",\"url\":\"https:\\\/\\\/www.asevegarches.fr\\\/blog\\\/adhesion\\\/\",\"name\":\"Adh\u00e9sion - ASEVE GARCHES\",\"isPartOf\":{\"@id\":\"https:\\\/\\\/www.asevegarches.fr\\\/blog\\\/#website\"},\"datePublished\":\"2020-05-04T13:07:51+00:00\",\"dateModified\":\"2025-12-29T17:11:03+00:00\",\"breadcrumb\":{\"@id\":\"https:\\\/\\\/www.asevegarches.fr\\\/blog\\\/adhesion\\\/#breadcrumb\"},\"inLanguage\":\"fr-FR\",\"potentialAction\":[{\"@type\":\"ReadAction\",\"target\":[\"https:\\\/\\\/www.asevegarches.fr\\\/blog\\\/adhesion\\\/\"]}]},{\"@type\":\"BreadcrumbList\",\"@id\":\"https:\\\/\\\/www.asevegarches.fr\\\/blog\\\/adhesion\\\/#breadcrumb\",\"itemListElement\":[{\"@type\":\"ListItem\",\"position\":1,\"name\":\"Accueil\",\"item\":\"https:\\\/\\\/www.asevegarches.fr\\\/blog\\\/\"},{\"@type\":\"ListItem\",\"position\":2,\"name\":\"Adh\u00e9sion\"}]},{\"@type\":\"WebSite\",\"@id\":\"https:\\\/\\\/www.asevegarches.fr\\\/blog\\\/#website\",\"url\":\"https:\\\/\\\/www.asevegarches.fr\\\/blog\\\/\",\"name\":\"ASEVE GARCHES\",\"description\":\"\",\"publisher\":{\"@id\":\"https:\\\/\\\/www.asevegarches.fr\\\/blog\\\/#organization\"},\"potentialAction\":[{\"@type\":\"SearchAction\",\"target\":{\"@type\":\"EntryPoint\",\"urlTemplate\":\"https:\\\/\\\/www.asevegarches.fr\\\/blog\\\/?s={search_term_string}\"},\"query-input\":{\"@type\":\"PropertyValueSpecification\",\"valueRequired\":true,\"valueName\":\"search_term_string\"}}],\"inLanguage\":\"fr-FR\"},{\"@type\":\"Organization\",\"@id\":\"https:\\\/\\\/www.asevegarches.fr\\\/blog\\\/#organization\",\"name\":\"Association de Sauvegarde des Espaces Verts et de l'Environnement\",\"alternateName\":\"ASEVE\",\"url\":\"https:\\\/\\\/www.asevegarches.fr\\\/blog\\\/\",\"logo\":{\"@type\":\"ImageObject\",\"inLanguage\":\"fr-FR\",\"@id\":\"https:\\\/\\\/www.asevegarches.fr\\\/blog\\\/#\\\/schema\\\/logo\\\/image\\\/\",\"url\":\"https:\\\/\\\/i0.wp.com\\\/www.asevegarches.fr\\\/blog\\\/wp-content\\\/uploads\\\/2022\\\/10\\\/LOGO_logo-facebook.jpg?fit=1501%2C1501\",\"contentUrl\":\"https:\\\/\\\/i0.wp.com\\\/www.asevegarches.fr\\\/blog\\\/wp-content\\\/uploads\\\/2022\\\/10\\\/LOGO_logo-facebook.jpg?fit=1501%2C1501\",\"width\":1501,\"height\":1501,\"caption\":\"Association de Sauvegarde des Espaces Verts et de l'Environnement\"},\"image\":{\"@id\":\"https:\\\/\\\/www.asevegarches.fr\\\/blog\\\/#\\\/schema\\\/logo\\\/image\\\/\"}}]}<\/script>\n<!-- \/ Yoast SEO plugin. -->","yoast_head_json":{"title":"Adh\u00e9sion - ASEVE GARCHES","robots":{"index":"index","follow":"follow","max-snippet":"max-snippet:-1","max-image-preview":"max-image-preview:large","max-video-preview":"max-video-preview:-1"},"canonical":"https:\/\/www.asevegarches.fr\/blog\/adhesion\/","og_locale":"fr_FR","og_type":"article","og_title":"Adh\u00e9sion - ASEVE GARCHES","og_description":"Bulletin-adhesion-Aseve-2026 Vous souhaitez rejoindre l&rsquo;ASEVE et \u00eatre inform\u00e9 de ses actions ? Tr\u00e8s simple, t\u00e9l\u00e9chargez le Bulletin adh\u00e9sion Aseve 2026 , remplissez-le et renvoyez-le avec votre cotisation \u00e0 l&rsquo;adresse suivante :asevegarches.fr\/\u2026\/Bulletin-adhesion-Aseve-2026.pdf","og_url":"https:\/\/www.asevegarches.fr\/blog\/adhesion\/","og_site_name":"ASEVE GARCHES","article_modified_time":"2025-12-29T17:11:03+00:00","twitter_card":"summary_large_image","twitter_misc":{"Dur\u00e9e de lecture estim\u00e9e":"1 minute"},"schema":{"@context":"https:\/\/schema.org","@graph":[{"@type":"WebPage","@id":"https:\/\/www.asevegarches.fr\/blog\/adhesion\/","url":"https:\/\/www.asevegarches.fr\/blog\/adhesion\/","name":"Adh\u00e9sion - ASEVE GARCHES","isPartOf":{"@id":"https:\/\/www.asevegarches.fr\/blog\/#website"},"datePublished":"2020-05-04T13:07:51+00:00","dateModified":"2025-12-29T17:11:03+00:00","breadcrumb":{"@id":"https:\/\/www.asevegarches.fr\/blog\/adhesion\/#breadcrumb"},"inLanguage":"fr-FR","potentialAction":[{"@type":"ReadAction","target":["https:\/\/www.asevegarches.fr\/blog\/adhesion\/"]}]},{"@type":"BreadcrumbList","@id":"https:\/\/www.asevegarches.fr\/blog\/adhesion\/#breadcrumb","itemListElement":[{"@type":"ListItem","position":1,"name":"Accueil","item":"https:\/\/www.asevegarches.fr\/blog\/"},{"@type":"ListItem","position":2,"name":"Adh\u00e9sion"}]},{"@type":"WebSite","@id":"https:\/\/www.asevegarches.fr\/blog\/#website","url":"https:\/\/www.asevegarches.fr\/blog\/","name":"ASEVE GARCHES","description":"","publisher":{"@id":"https:\/\/www.asevegarches.fr\/blog\/#organization"},"potentialAction":[{"@type":"SearchAction","target":{"@type":"EntryPoint","urlTemplate":"https:\/\/www.asevegarches.fr\/blog\/?s={search_term_string}"},"query-input":{"@type":"PropertyValueSpecification","valueRequired":true,"valueName":"search_term_string"}}],"inLanguage":"fr-FR"},{"@type":"Organization","@id":"https:\/\/www.asevegarches.fr\/blog\/#organization","name":"Association de Sauvegarde des Espaces Verts et de l'Environnement","alternateName":"ASEVE","url":"https:\/\/www.asevegarches.fr\/blog\/","logo":{"@type":"ImageObject","inLanguage":"fr-FR","@id":"https:\/\/www.asevegarches.fr\/blog\/#\/schema\/logo\/image\/","url":"https:\/\/i0.wp.com\/www.asevegarches.fr\/blog\/wp-content\/uploads\/2022\/10\/LOGO_logo-facebook.jpg?fit=1501%2C1501","contentUrl":"https:\/\/i0.wp.com\/www.asevegarches.fr\/blog\/wp-content\/uploads\/2022\/10\/LOGO_logo-facebook.jpg?fit=1501%2C1501","width":1501,"height":1501,"caption":"Association de Sauvegarde des Espaces Verts et de l'Environnement"},"image":{"@id":"https:\/\/www.asevegarches.fr\/blog\/#\/schema\/logo\/image\/"}}]}},"jetpack_sharing_enabled":true,"jetpack_shortlink":"https:\/\/wp.me\/P6YGVC-MM","jetpack-related-posts":[{"id":233,"url":"https:\/\/www.asevegarches.fr\/blog\/logo\/","url_meta":{"origin":3024,"position":0},"title":"logo","author":"aseve","date":"15 mars 2015","format":false,"excerpt":"\u00a0 le logo est en (nuances de rouge, vert, bleu) \u00a0R=142 V=200 B=30 en hexad\u00e9cimal 8EC81E ASEVE environ, car le vert n'est pas pareil dans tout le logo. On ajustera les titres et les menus avec le vert du logo","rel":"","context":"Article similaire","block_context":{"text":"Article similaire","link":""},"img":{"alt_text":"","src":"","width":0,"height":0},"classes":[]},{"id":3296,"url":"https:\/\/www.asevegarches.fr\/blog\/lettre-aseve-2022\/","url_meta":{"origin":3024,"position":1},"title":"LETTRE ASEVE 2022","author":"Contact","date":"9 d\u00e9cembre 2022","format":false,"excerpt":"lettre-fev-2022-1T\u00e9l\u00e9charger","rel":"","context":"Article similaire","block_context":{"text":"Article similaire","link":""},"img":{"alt_text":"","src":"","width":0,"height":0},"classes":[]},{"id":207,"url":"https:\/\/www.asevegarches.fr\/blog\/pedagogie\/","url_meta":{"origin":3024,"position":2},"title":"Protection et am\u00e9nagement du cadre de vie","author":"aseve","date":"10 mars 2015","format":false,"excerpt":"La commune de Garches est occup\u00e9e \u00e0 55 % de sa superficie par des\u00a0espaces verts priv\u00e9s ou publics. Elle est entour\u00e9e d'espaces bois\u00e9s importants : le\u00a0Parc de Saint-Cloud, le Golf de Saint-Cloud,\u00a0le bois de Saint-Cucufa, la for\u00eat de Fausses-Reposes. Ce cadre de vie remarquable offre un environnement de qualit\u00e9 qui\u2026","rel":"","context":"Article similaire","block_context":{"text":"Article similaire","link":""},"img":{"alt_text":"","src":"https:\/\/i0.wp.com\/www.asevegarches.fr\/blog\/wp-content\/uploads\/2015\/09\/Rue-des-Mar%C3%A9chaux-300x202.jpg?resize=350%2C200&ssl=1","width":350,"height":200},"classes":[]},{"id":249,"url":"https:\/\/www.asevegarches.fr\/blog\/documents\/","url_meta":{"origin":3024,"position":3},"title":"Documents","author":"aseve","date":"16 mars 2015","format":false,"excerpt":"Vous recherchez un document sur l'Association ou sur l'environnement ? Pas de souci, nous les avons rassembl\u00e9s et class\u00e9s par cat\u00e9gorie : Association- Notre d\u00e9marche p\u00e9dagogique Environnement- l'Agenda 21","rel":"","context":"Article similaire","block_context":{"text":"Article similaire","link":""},"img":{"alt_text":"","src":"","width":0,"height":0},"classes":[]},{"id":1900,"url":"https:\/\/www.asevegarches.fr\/blog\/desabonnement\/","url_meta":{"origin":3024,"position":4},"title":"D\u00e9sabonnement","author":"aseve","date":"14 d\u00e9cembre 2015","format":false,"excerpt":"Vous vous \u00eates d\u00e9sabonn\u00e9s des communications de l'ASEVE avec succ\u00e8s.","rel":"","context":"Article similaire","block_context":{"text":"Article similaire","link":""},"img":{"alt_text":"","src":"","width":0,"height":0},"classes":[]},{"id":1423,"url":"https:\/\/www.asevegarches.fr\/blog\/documents\/le-parc-davaine\/","url_meta":{"origin":3024,"position":5},"title":"Le Parc Davaine","author":"aseve","date":"1 octobre 2015","format":false,"excerpt":"\u00a0 \u00a0 \u00a0 \u00a0 \u00a0 \u00a0 En 1984, l'ASEVE avait particip\u00e9 tr\u00e8s activement \u00e0 la sauvegarde de ce terrain vou\u00e9 \u00e0 la cr\u00e9ation d'un ensemble immobilier. Situ\u00e9 pr\u00e8s de l'h\u00f4pital de Garches, ce parc municipal est un lieu de calme et de d\u00e9tente. L\u2019 ASEVE suit l\u2019am\u00e9nagement et l\u2019entretien de\u2026","rel":"","context":"Article similaire","block_context":{"text":"Article similaire","link":""},"img":{"alt_text":"davaine","src":"https:\/\/i0.wp.com\/www.asevegarches.fr\/blog\/wp-content\/uploads\/2015\/10\/davaine.jpg?resize=350%2C200&ssl=1","width":350,"height":200},"classes":[]}],"_links":{"self":[{"href":"https:\/\/www.asevegarches.fr\/blog\/wp-json\/wp\/v2\/pages\/3024","targetHints":{"allow":["GET"]}}],"collection":[{"href":"https:\/\/www.asevegarches.fr\/blog\/wp-json\/wp\/v2\/pages"}],"about":[{"href":"https:\/\/www.asevegarches.fr\/blog\/wp-json\/wp\/v2\/types\/page"}],"author":[{"embeddable":true,"href":"https:\/\/www.asevegarches.fr\/blog\/wp-json\/wp\/v2\/users\/1"}],"replies":[{"embeddable":true,"href":"https:\/\/www.asevegarches.fr\/blog\/wp-json\/wp\/v2\/comments?post=3024"}],"version-history":[{"count":22,"href":"https:\/\/www.asevegarches.fr\/blog\/wp-json\/wp\/v2\/pages\/3024\/revisions"}],"predecessor-version":[{"id":3842,"href":"https:\/\/www.asevegarches.fr\/blog\/wp-json\/wp\/v2\/pages\/3024\/revisions\/3842"}],"wp:attachment":[{"href":"https:\/\/www.asevegarches.fr\/blog\/wp-json\/wp\/v2\/media?parent=3024"}],"curies":[{"name":"wp","href":"https:\/\/api.w.org\/{rel}","templated":true}]}}